{"id":9620,"date":"2023-12-08T19:59:57","date_gmt":"2023-12-08T23:59:57","guid":{"rendered":"https:\/\/acumenbw.wpenginepowered.com\/?page_id=9620"},"modified":"2026-02-25T15:48:33","modified_gmt":"2026-02-25T19:48:33","slug":"jacqueline-novogratz","status":"publish","type":"page","link":"https:\/\/acumen.org\/es\/jacqueline-novogratz\/","title":{"rendered":"Jacqueline Novogratz"},"content":{"rendered":"<header class=\"flex flex-col\">\n  <div\n    class=\"flex flex-col container-fluid gap-7.5 py-7.5 w-full order-first\"\n  >\n    <div class=\"flex gap-10 justify-between items-center\">\n      <div class=\"flex flex-col max-w-5xl gap-7.5 md:gap-10 md:py-7.5\">\n\n        \n                  <h1 animate-text>\n            Jacqueline Novogratz\n          <\/h1>\n        \n                  <div class=\"overflow-hidden rounded-image aspect-square md:hidden\" parallax >\n        <img loading=\"lazy\" decoding=\"async\" width=\"1024\" height=\"1024\" src=\"https:\/\/acumen.org\/wp-content\/uploads\/2024\/04\/JN_1200x1200-1024x1024.jpg\" class=\"object-cover w-full h-full scale-125 origin-bottom\" alt=\"Headshot of Jacqueline Novogratz\" sizes=\"auto, 100vw\" style=\"object-position: 50% 50%;\" srcset=\"https:\/\/acumen.org\/wp-content\/uploads\/2024\/04\/JN_1200x1200-1024x1024.jpg 1024w, https:\/\/acumen.org\/wp-content\/uploads\/2024\/04\/JN_1200x1200-300x300.jpg 300w, https:\/\/acumen.org\/wp-content\/uploads\/2024\/04\/JN_1200x1200-150x150.jpg 150w, https:\/\/acumen.org\/wp-content\/uploads\/2024\/04\/JN_1200x1200-768x768.jpg 768w, https:\/\/acumen.org\/wp-content\/uploads\/2024\/04\/JN_1200x1200.jpg 1200w\" \/>\n    <\/div>\n        \n                  <p\n            class=\"mb-0 h3\"\n            animate-text\n          >\n            Fundadora y CEO de Acumen, una organizaci\u00f3n global sin \u00e1nimo de lucro. Embajadora del impacto social y del liderazgo moral que transforma vidas alrededor del mundo.<br \/>\r\n\n          <\/p>\n        \n        \n        \n      <\/div>\n\n      \n              <div class=\"flex-shrink-0 overflow-hidden rounded-image xl:rounded-image-xl aspect-square w-150 max-w-[40%] 2xl:max-w-none hidden md:block my-7.5 self-start\" parallax >\n        <img loading=\"lazy\" decoding=\"async\" width=\"1024\" height=\"1024\" src=\"https:\/\/acumen.org\/wp-content\/uploads\/2024\/04\/JN_1200x1200-1024x1024.jpg\" class=\"object-cover w-full h-full scale-125 origin-bottom\" alt=\"Headshot of Jacqueline Novogratz\" sizes=\"auto, (min-width: 1536px) calc(37.5rem) * 1.25,\n      (min-width: 1280px) calc((100vw - (3.75rem * 2)) * 4\/10 * 1.25),\n      (min-width: 1024px) calc((100vw - (3.75rem * 2)) * 4\/10 * 1.25),\n      (min-width: 768px) calc((100vw - (1.25rem * 2)) * 4\/10 * 1.25),\n      (min-width: 640px) calc((100vw - (1.25rem * 2)),\n      calc(100vw - (1.25rem * 2))\" style=\"object-position: 50% 50%;\" srcset=\"https:\/\/acumen.org\/wp-content\/uploads\/2024\/04\/JN_1200x1200-1024x1024.jpg 1024w, https:\/\/acumen.org\/wp-content\/uploads\/2024\/04\/JN_1200x1200-300x300.jpg 300w, https:\/\/acumen.org\/wp-content\/uploads\/2024\/04\/JN_1200x1200-150x150.jpg 150w, https:\/\/acumen.org\/wp-content\/uploads\/2024\/04\/JN_1200x1200-768x768.jpg 768w, https:\/\/acumen.org\/wp-content\/uploads\/2024\/04\/JN_1200x1200.jpg 1200w\" \/>\n    <\/div>\n      \n    <\/div>\n\n      <\/div>\n\n  <\/header>\n\n\n\n<p><\/p>\n\n\n\n<p>Jacqueline Novogratz es la fundadora y CEO de Acumen, una organizaci\u00f3n global que lucha contra la pobreza y construye dignidad a trav\u00e9s de la inversi\u00f3n de capital paciente en empresas y l\u00edderes; compartiendo conocimiento basado en el impacto logrado; y creando alianzas para escalar soluciones que funcionan. Desde su fundaci\u00f3n en 2001, Acumen ha beneficiado a m\u00e1s de 700 millones de personas en \u00c1frica, el sur de Asia, Latinoam\u00e9rica y Estados Unidos; y m\u00e1s de 1.800 personas emprendedoras sociales han recibido formaci\u00f3n y apoyo a trav\u00e9s de Acumen Academy.<\/p>\n\n\n\n<p>Antes de Acumen, Jacqueline cofund\u00f3 el primer banco de microfinanzas de Ruanda, lanz\u00f3 el Philanthropy Workshop y el programa Next Generation Leaders mientras trabajaba en la Fundaci\u00f3n Rockefeller, y cofund\u00f3 Anew, un espacio comunitario e incubadora en Nueva York para emprendedores sociales. Anteriormente, trabaj\u00f3 en banca internacional con el Chase Manhattan Bank.<\/p>\n\n\n\n<p>Jacqueline es autora de los <em>best-sellers<\/em> El Su\u00e9ter Azul (2009) y Manifesto para una Revoluci\u00f3n Moral: Ideas para Construir un Mundo Mejor&nbsp;(2020). Es miembro de The B Team y forma parte de numerosos consejos y juntas asesoras. Ha sido nombrada en la lista de los 100 Pensadores Globales por Foreign Policy, una de las 30 l\u00edderes de Insider\u2019s Climate Action, una de las 25 Personas m\u00e1s Inteligentes de la D\u00e9cada por el Daily Beast y una de las 100 Mentes Vivas m\u00e1s Grandes de los Negocios por Forbes, que tambi\u00e9n la distingui\u00f3 con el premio Forbes 400 a la Trayectoria en el Emprendimiento Social.&nbsp; Tiene un MBA de la Universidad de Stanford, un t\u00edtulo en Econom\u00eda y Relaciones Internacionales de la Universidad de Virginia y varios doctorados honoris causa.<\/p>\n\n\n\n<p>Sigue a Jacqueline en <a href=\"https:\/\/www.linkedin.com\/in\/jacqueline-novogratz\/\" target=\"_blank\" rel=\"noreferrer noopener\">LinkedIn<\/a>, <a href=\"https:\/\/www.instagram.com\/jnovogratz\/?hl=en\" target=\"_blank\" rel=\"noreferrer noopener\">Instagram<\/a>, <a href=\"https:\/\/twitter.com\/jnovogratz\" target=\"_blank\" rel=\"noreferrer noopener\">X (Twitter)<\/a>, y <a href=\"https:\/\/www.facebook.com\/JacquelineNovogratz\/\" target=\"_blank\" rel=\"noreferrer noopener\">Facebook<\/a>.<\/p>\n\n\n<section class=\"wp-block-fifty-fifty bg-stone text-black\">\n    <div class=\"container-fluid\">\n      <div class=\"border-current border-t grid grid-cols-1 lg:grid-cols-2 gap-y-7.5 py-7.5 lg:py-15\">\n                  <h2 class=\"h2 lg:mr-20 xl:mr-30\" animate-text >\n            Historias para cambiar sistemas\n          <\/h2>\n        \n                  <div class=\"wysiwyg\" animate-text>\n            <h3>Los libros premiados de Jacqueline sobre liderazgo moral, dignidad y resoluci\u00f3n de problemas asociados a la pobreza<\/h3>\n\n          <\/div>\n              <\/div>\n    <\/div>\n  <\/section>\n\n\n<section class=\"wp-block-text-card bg-stone\">\n    <div class=\"container-fluid py-15 lg:py-20\">\n      <div class=\"rounded-card lg:grid lg:grid-cols-2 overflow-hidden bg-tulip text-white\">\n\n        <div\n          class=\"aspect-[1.14] sm:aspect-video lg:max-h-none lg:aspect-auto w-full lg:h-full relative lg:order-1\"\n        >\n                      <img loading=\"lazy\" decoding=\"async\" width=\"1024\" height=\"683\" src=\"https:\/\/acumen.org\/wp-content\/uploads\/2024\/04\/03-Book-Manifesto-1-1024x683.jpg\" class=\"object-cover w-full h-full\" alt=\"\" sizes=\"auto, container\" style=\"object-position: 50% 50%;\" srcset=\"https:\/\/acumen.org\/wp-content\/uploads\/2024\/04\/03-Book-Manifesto-1-1024x683.jpg 1024w, https:\/\/acumen.org\/wp-content\/uploads\/2024\/04\/03-Book-Manifesto-1-300x200.jpg 300w, https:\/\/acumen.org\/wp-content\/uploads\/2024\/04\/03-Book-Manifesto-1-768x512.jpg 768w, https:\/\/acumen.org\/wp-content\/uploads\/2024\/04\/03-Book-Manifesto-1-1536x1024.jpg 1536w, https:\/\/acumen.org\/wp-content\/uploads\/2024\/04\/03-Book-Manifesto-1.jpg 1800w\" \/>\n                  <\/div>\n\n        <div\n          class=\"p-7.5 sm:pb-12 flex flex-col gap-7.5 lg:px-15 lg:pt-20 lg:pb-30 lg:gap-15 lg:order-2\"\n        >\n\n          \n          <div>\n                          <h3\n                class=\"mb-5\"\n                animate-text\n              >\n                Manifiesto para una Revoluci\u00f3n Moral\n              <\/h3>\n            \n                          <div\n                class=\"wysiwyg\"\n                animate-text\n              >\n                <p><span data-sheets-root=\"1\" data-sheets-value=\"{&quot;1&quot;:2,&quot;2&quot;:&quot;A moral compass for creating change in an interdependent world \u2013 one that requires us to renew our institutions, starting with how we define success. \\n&quot;}\" data-sheets-userformat=\"{&quot;2&quot;:15105,&quot;3&quot;:{&quot;1&quot;:0},&quot;11&quot;:4,&quot;12&quot;:0,&quot;14&quot;:{&quot;1&quot;:2,&quot;2&quot;:0},&quot;15&quot;:&quot;Lexend&quot;,&quot;16&quot;:10}\">Una br\u00fajula moral para crear el cambio en un mundo interdependiente, que nos exige renovar nuestras instituciones, empezando por c\u00f3mo definimos el \u00e9xito.<\/span><\/p>\n\n              <\/div>\n                      <\/div>\n\n                      <div\n              class=\"flex flex-col gap-7.5 sm:flex-row\"\n              animate\n            >\n                              \n                <a class=\"inline-flex items-center justify-center text-center transition-all duration-300 text-md link-no-underline disabled:opacity-50 disabled:pointer-events-none inline-flex flex-row-reverse gap-x-2 items-center justify-center text-left transition-all duration-300 text-md disabled:opacity-50 disabled:pointer-events-none py-1.25 px-3.5 gap-2 rounded-full border border-current text-white bg-transparent hover:text-black hover:bg-white hover:border-white\n            active:bg-white w-fit\" href=\"hthttps:\/\/www.planetadelibros.com.co\/libro-manifiesto-para-una-revolucion-moral\/330665\" target=\"_blank\">\n\n      <svg aria-hidden=\"true\" class=\"fill-current w-3.5 h-auto flex-shrink-0 relative z-5\" width=\"13\" height=\"13\" viewBox=\"0 0 13 13\" fill=\"none\" xmlns=\"http:\/\/www.w3.org\/2000\/svg\">\n<path d=\"M11 3.4L2.1 12.3C1.91667 12.4833 1.68333 12.575 1.4 12.575C1.11667 12.575 0.883333 12.4833 0.699999 12.3C0.516666 12.1167 0.424999 11.8833 0.424999 11.6C0.424999 11.3167 0.516666 11.0833 0.699999 10.9L9.6 2H2C1.71667 2 1.47917 1.90417 1.2875 1.7125C1.09583 1.52083 0.999999 1.28333 0.999999 1C0.999999 0.716667 1.09583 0.479167 1.2875 0.2875C1.47917 0.0958333 1.71667 0 2 0H12C12.2833 0 12.5208 0.0958333 12.7125 0.2875C12.9042 0.479167 13 0.716667 13 1V11C13 11.2833 12.9042 11.5208 12.7125 11.7125C12.5208 11.9042 12.2833 12 12 12C11.7167 12 11.4792 11.9042 11.2875 11.7125C11.0958 11.5208 11 11.2833 11 11V3.4Z\" fill=\"currentColor\"\/>\n<\/svg>  \n  <span class=\"relative z-5 \">\n    Compra el libro\n  <\/span>\n\n  <\/a>\n                          <\/div>\n          \n        <\/div>\n\n      <\/div>\n    <\/div>\n  <\/section>\n\n\n<section class=\"wp-block-text-card bg-stone\">\n    <div class=\"container-fluid py-15 lg:py-20\">\n      <div class=\"rounded-card lg:grid lg:grid-cols-2 overflow-hidden bg-verdigris text-white\">\n\n        <div\n          class=\"aspect-[1.14] sm:aspect-video lg:max-h-none lg:aspect-auto w-full lg:h-full relative lg:order-1\"\n        >\n                      <img loading=\"lazy\" decoding=\"async\" width=\"1024\" height=\"683\" src=\"https:\/\/acumen.org\/wp-content\/uploads\/2024\/04\/Book-BlueSweater-1024x683.jpg\" class=\"object-cover w-full h-full\" alt=\"The cover of &quot;The Blue Sweater: Bridging the gap between rich and poor in an interconnected world&quot; by Jacqueline Novogratz in english\" sizes=\"auto, container\" style=\"object-position: 50% 50%;\" srcset=\"https:\/\/acumen.org\/wp-content\/uploads\/2024\/04\/Book-BlueSweater-1024x683.jpg 1024w, https:\/\/acumen.org\/wp-content\/uploads\/2024\/04\/Book-BlueSweater-300x200.jpg 300w, https:\/\/acumen.org\/wp-content\/uploads\/2024\/04\/Book-BlueSweater-768x512.jpg 768w, https:\/\/acumen.org\/wp-content\/uploads\/2024\/04\/Book-BlueSweater-1536x1024.jpg 1536w, https:\/\/acumen.org\/wp-content\/uploads\/2024\/04\/Book-BlueSweater.jpg 1800w\" \/>\n                  <\/div>\n\n        <div\n          class=\"p-7.5 sm:pb-12 flex flex-col gap-7.5 lg:px-15 lg:pt-20 lg:pb-30 lg:gap-15 lg:order-2\"\n        >\n\n          \n          <div>\n                          <h3\n                class=\"mb-5\"\n                animate-text\n              >\n                El Su\u00e9ter Azul\n              <\/h3>\n            \n                          <div\n                class=\"wysiwyg\"\n                animate-text\n              >\n                <p>Unas memorias que detallan el recorrido de Jacqueline a lo largo de su carrera y las lecciones que ha aprendido en el camino: c\u00f3mo inspirar y elevar a las personas a trav\u00e9s de la dignidad, as\u00ed como los pasos que ha dado para erradicar la pobreza en el mundo.<\/p>\n\n              <\/div>\n                      <\/div>\n\n                      <div\n              class=\"flex flex-col gap-7.5 sm:flex-row\"\n              animate\n            >\n                              \n                <a class=\"inline-flex items-center justify-center text-center transition-all duration-300 text-md link-no-underline disabled:opacity-50 disabled:pointer-events-none inline-flex flex-row-reverse gap-x-2 items-center justify-center text-left transition-all duration-300 text-md disabled:opacity-50 disabled:pointer-events-none py-1.25 px-3.5 gap-2 rounded-full border border-current text-white bg-transparent hover:text-black hover:bg-white hover:border-white\n            active:bg-white w-fit\" href=\"https:\/\/www.amazon.com\/-\/es\/JACQUELINE-NOVOGRATZ\/dp\/8497355040\" target=\"_blank\">\n\n      <svg aria-hidden=\"true\" class=\"fill-current w-3.5 h-auto flex-shrink-0 relative z-5\" width=\"13\" height=\"13\" viewBox=\"0 0 13 13\" fill=\"none\" xmlns=\"http:\/\/www.w3.org\/2000\/svg\">\n<path d=\"M11 3.4L2.1 12.3C1.91667 12.4833 1.68333 12.575 1.4 12.575C1.11667 12.575 0.883333 12.4833 0.699999 12.3C0.516666 12.1167 0.424999 11.8833 0.424999 11.6C0.424999 11.3167 0.516666 11.0833 0.699999 10.9L9.6 2H2C1.71667 2 1.47917 1.90417 1.2875 1.7125C1.09583 1.52083 0.999999 1.28333 0.999999 1C0.999999 0.716667 1.09583 0.479167 1.2875 0.2875C1.47917 0.0958333 1.71667 0 2 0H12C12.2833 0 12.5208 0.0958333 12.7125 0.2875C12.9042 0.479167 13 0.716667 13 1V11C13 11.2833 12.9042 11.5208 12.7125 11.7125C12.5208 11.9042 12.2833 12 12 12C11.7167 12 11.4792 11.9042 11.2875 11.7125C11.0958 11.5208 11 11.2833 11 11V3.4Z\" fill=\"currentColor\"\/>\n<\/svg>  \n  <span class=\"relative z-5 \">\n    Compra el libro\n  <\/span>\n\n  <\/a>\n                          <\/div>\n          \n        <\/div>\n\n      <\/div>\n    <\/div>\n  <\/section>\n\n\n<section class=\"wp-block-fifty-fifty bg-stone text-black\">\n    <div class=\"container-fluid\">\n      <div class=\"border-current  grid grid-cols-1 lg:grid-cols-2 gap-y-7.5 py-7.5 lg:py-15\">\n                  <h2 class=\"h2 lg:mr-20 xl:mr-30\" animate-text >\n            Liderazgo Moral en la pr\u00e1ctica\n          <\/h2>\n        \n                  <div class=\"wysiwyg\" animate-text>\n            <h3><span style=\"font-weight: 300;\">Algunas perspectivas e ideas de Jacqueline<\/span><\/h3>\n\n          <\/div>\n              <\/div>\n    <\/div>\n  <\/section>\n\n\n<section class=\"wp-block-unstructured-cards container-fluid\">\n            <div class=\" py-5 md:py-20 grid grid-cols-1  gap-5 md:gap-20\">\n                                    <article class=\"group\/card flex flex-col lg:flex-row gap-7.5\">\n\n      <a\n      href=https:\/\/www.eltiempo.com\/lecturas-dominicales\/resena-de-manifiesto-para-una-revolucion-moral-de-jacqueline-novogratz-602218 target=_blank\n      class=\"block link-no-underline overflow-hidden rounded-card rounded-bl-none flex-1\"\n      aria-hidden=\"true\"\n      tabindex=\"-1\"\n    >\n      <img loading=\"lazy\" decoding=\"async\" width=\"1024\" height=\"683\" src=\"https:\/\/acumen.org\/wp-content\/uploads\/2024\/04\/JN-ES-2-1024x683.jpg\" class=\"aspect-[1.55] w-full h-full object-cover group-hover\/card:scale-105 transition-transform duration-500\" alt=\"\" sizes=\"auto, (min-width: 1536px) min(976px, calc(100% - 370px)),\n      (min-width: 1280px) min(976px, calc(100% - 370px)),\n      (min-width: 1024px) min(976px, calc(100% - 370px)),\n      (min-width: 768px) calc((100vw - (1.25rem * 2)),\n      (min-width: 640px) calc((100vw - (1.25rem * 2)),\n      calc(100vw - (1.25rem * 2))\" style=\"object-position: 50% 50%;\" srcset=\"https:\/\/acumen.org\/wp-content\/uploads\/2024\/04\/JN-ES-2-1024x683.jpg 1024w, https:\/\/acumen.org\/wp-content\/uploads\/2024\/04\/JN-ES-2-300x200.jpg 300w, https:\/\/acumen.org\/wp-content\/uploads\/2024\/04\/JN-ES-2-768x512.jpg 768w, https:\/\/acumen.org\/wp-content\/uploads\/2024\/04\/JN-ES-2-1536x1024.jpg 1536w, https:\/\/acumen.org\/wp-content\/uploads\/2024\/04\/JN-ES-2.jpg 1800w\" \/>\n    <\/a>\n  \n  <div class=\"flex flex-col gap-7.5 items-start lg:basis-92.5 lg:flex-shrink-0\" >\n\n    <div class=\"inline-flex gap-5\" animate >\n              <span\n    class=\"inline-flex gap-1.5 items-center justify-center w-fit text-md\">\n\n          <svg aria-hidden=\"true\" class=\"fill-current\" xmlns=\"http:\/\/www.w3.org\/2000\/svg\" height=\"20\" viewBox=\"0 -960 960 960\" width=\"20\" fill=\"currentColor\"><path d=\"M231.448-171.271q-25.046 0-42.612-17.565-17.565-17.566-17.565-42.612v-497.104q0-25.046 17.565-42.612 17.566-17.565 42.612-17.565H587q11.963 0 23.045 4.354 11.082 4.355 20.281 13.665L770.71-630.326q9.31 9.199 13.665 20.281 4.354 11.082 4.354 23.045v355.552q0 25.046-17.565 42.612-17.566 17.565-42.612 17.565H231.448Zm.091-47.96h496.922q5.385 0 8.846-3.462 3.462-3.461 3.462-8.846v-342.846H604.615q-12.646 0-21.438-8.792-8.792-8.792-8.792-21.438v-136.154H231.539q-5.385 0-8.846 3.462-3.462 3.461-3.462 8.846v496.922q0 5.385 3.462 8.846 3.461 3.462 8.846 3.462Zm402.538-94.424q9.732 0 16.808-7.001 7.076-7.001 7.076-16.769 0-9.768-7.076-16.979-7.076-7.211-16.808-7.211H326.115q-9.953 0-17.015 7.015-7.061 7.015-7.061 16.658 0 9.864 7.061 17.075 7.062 7.212 17.015 7.212h307.962Zm-178.232-272.73q9.703 0 16.929-7Q480-600.386 480-610.154q0-9.768-7.056-16.979-7.057-7.212-16.76-7.212H338.387q-9.925 0-17.137 7.015-7.211 7.016-7.211 16.659 0 9.864 7.042 17.075 7.042 7.211 16.967 7.211h117.797Zm178.232 154.269q9.732 0 16.808-6.905 7.076-6.904 7.076-16.768 0-9.865-7.076-17.076t-16.808-7.211H326.115q-9.953 0-17.015 7.001-7.061 7-7.061 16.864 0 9.865 7.061 16.98 7.062 7.115 17.015 7.115h307.962ZM219.231-740.769v154.439-154.439 521.538-521.538Z\"\/><\/svg>    \n          <span>\n        Rese\u00f1a del libro Manifiesto para una Revoluci\u00f3n Moral\n      <\/span>\n    \n  <\/span>\n      \n          <\/div>\n\n          <h2 class=\"transition-all duration-500 font-normal\" animate-text >\n        <a href=https:\/\/www.eltiempo.com\/lecturas-dominicales\/resena-de-manifiesto-para-una-revolucion-moral-de-jacqueline-novogratz-602218 target=_blank>Para los que buscan construir un mundo mejor<\/a>\n      <\/h2>\n    \n          <p class=\"m-0\" animate-text >\n        Es un inspirador texto sobre todo para aquellos que anhelan dejar un planeta distinto del que les correspondi\u00f3 en suerte.\n      <\/p>\n    \n          <div animate >\n        <a class=\"inline-flex flex-row-reverse gap-x-2 items-center justify-center text-left transition-all duration-300 text-md disabled:opacity-50 disabled:pointer-events-none leading-none pb-1 text-left self-start\n            animate-underline hover:border-transparent\" href=\"https:\/\/www.eltiempo.com\/lecturas-dominicales\/resena-de-manifiesto-para-una-revolucion-moral-de-jacqueline-novogratz-602218\" target=\"_blank\" aria-hidden=\"true\" tabindex=\"-1\">\n\n      <svg aria-hidden=\"true\" class=\"fill-current w-3.5 h-auto flex-shrink-0 relative z-5\" width=\"16\" height=\"16\" viewBox=\"0 0 16 16\" fill=\"none\" xmlns=\"http:\/\/www.w3.org\/2000\/svg\">\n<path d=\"M12.175 9H1C0.716667 9 0.479167 8.90417 0.2875 8.7125C0.0958333 8.52083 0 8.28333 0 8C0 7.71667 0.0958333 7.47917 0.2875 7.2875C0.479167 7.09583 0.716667 7 1 7H12.175L7.275 2.1C7.075 1.9 6.97917 1.66667 6.9875 1.4C6.99583 1.13333 7.1 0.899999 7.3 0.699999C7.5 0.516666 7.73333 0.420833 8 0.412499C8.26667 0.404166 8.5 0.499999 8.7 0.699999L15.3 7.3C15.4 7.4 15.4708 7.50833 15.5125 7.625C15.5542 7.74167 15.575 7.86667 15.575 8C15.575 8.13333 15.5542 8.25833 15.5125 8.375C15.4708 8.49167 15.4 8.6 15.3 8.7L8.7 15.3C8.51667 15.4833 8.2875 15.575 8.0125 15.575C7.7375 15.575 7.5 15.4833 7.3 15.3C7.1 15.1 7 14.8625 7 14.5875C7 14.3125 7.1 14.075 7.3 13.875L12.175 9Z\" fill=\"currentColor\"\/>\n<\/svg>  \n  <span class=\"relative z-5 \">\n    Leer m\u00e1s\n  <\/span>\n\n  <\/a>\n      <\/div>\n      <\/div>\n<\/article>\n                            <\/div>\n        <\/section>\n    \n\n<section class=\"wp-block-unstructured-cards container-fluid\">\n            <div class=\" py-5 md:py-20 grid grid-cols-1 md:grid-cols-2 gap-5 md:gap-20\">\n                                    <article class=\"group\/card flex flex-col gap-7.5\">\n\n      <a\n      href=https:\/\/www.eltiempo.com\/economia\/empresas\/jacqueline-novogratz-colombia-puede-ser-un-ejemplo-para-la-revolucion-moral-en-las-empresas-416960 target=_blank\n      class=\"block link-no-underline overflow-hidden rounded-card rounded-bl-none\"\n      aria-hidden=\"true\"\n      tabindex=\"-1\"\n    >\n      <img loading=\"lazy\" decoding=\"async\" width=\"1024\" height=\"683\" src=\"https:\/\/acumen.org\/wp-content\/uploads\/2024\/04\/JN-ES-3-1024x683.jpg\" class=\"aspect-[1.8625] w-full h-full object-cover group-hover\/card:scale-105 transition-transform duration-500\" alt=\"Jacqueline Novogratz speaks at a event in East Africa\" sizes=\"auto, (min-width: 1536px) calc((100vw - (3.75rem * 2)) * 1\/2),\n      (min-width: 1280px) calc((100vw - (3.75rem * 2)) * 1\/2),\n      (min-width: 1024px) calc((100vw - (3.75rem * 2)) * 1\/2),\n      (min-width: 768px) calc((100vw - (1.25rem * 2)) * 1\/2),\n      (min-width: 640px) calc((100vw - (1.25rem * 2)),\n      calc(100vw - (1.25rem * 2))\" style=\"object-position: 50% 50%;\" srcset=\"https:\/\/acumen.org\/wp-content\/uploads\/2024\/04\/JN-ES-3-1024x683.jpg 1024w, https:\/\/acumen.org\/wp-content\/uploads\/2024\/04\/JN-ES-3-300x200.jpg 300w, https:\/\/acumen.org\/wp-content\/uploads\/2024\/04\/JN-ES-3-768x512.jpg 768w, https:\/\/acumen.org\/wp-content\/uploads\/2024\/04\/JN-ES-3-1536x1024.jpg 1536w, https:\/\/acumen.org\/wp-content\/uploads\/2024\/04\/JN-ES-3.jpg 1800w\" \/>\n    <\/a>\n  \n  <div class=\"flex flex-col gap-5 items-start\" >\n\n    <div class=\"inline-flex gap-5\" animate >\n              <span\n    class=\"inline-flex gap-1.5 items-center justify-center w-fit text-md\">\n\n          <svg aria-hidden=\"true\" class=\"fill-current\" xmlns=\"http:\/\/www.w3.org\/2000\/svg\" height=\"20\" viewBox=\"0 -960 960 960\" width=\"20\" fill=\"currentColor\"><path d=\"M231.448-171.271q-25.046 0-42.612-17.565-17.565-17.566-17.565-42.612v-497.104q0-25.046 17.565-42.612 17.566-17.565 42.612-17.565H587q11.963 0 23.045 4.354 11.082 4.355 20.281 13.665L770.71-630.326q9.31 9.199 13.665 20.281 4.354 11.082 4.354 23.045v355.552q0 25.046-17.565 42.612-17.566 17.565-42.612 17.565H231.448Zm.091-47.96h496.922q5.385 0 8.846-3.462 3.462-3.461 3.462-8.846v-342.846H604.615q-12.646 0-21.438-8.792-8.792-8.792-8.792-21.438v-136.154H231.539q-5.385 0-8.846 3.462-3.462 3.461-3.462 8.846v496.922q0 5.385 3.462 8.846 3.461 3.462 8.846 3.462Zm402.538-94.424q9.732 0 16.808-7.001 7.076-7.001 7.076-16.769 0-9.768-7.076-16.979-7.076-7.211-16.808-7.211H326.115q-9.953 0-17.015 7.015-7.061 7.015-7.061 16.658 0 9.864 7.061 17.075 7.062 7.212 17.015 7.212h307.962Zm-178.232-272.73q9.703 0 16.929-7Q480-600.386 480-610.154q0-9.768-7.056-16.979-7.057-7.212-16.76-7.212H338.387q-9.925 0-17.137 7.015-7.211 7.016-7.211 16.659 0 9.864 7.042 17.075 7.042 7.211 16.967 7.211h117.797Zm178.232 154.269q9.732 0 16.808-6.905 7.076-6.904 7.076-16.768 0-9.865-7.076-17.076t-16.808-7.211H326.115q-9.953 0-17.015 7.001-7.061 7-7.061 16.864 0 9.865 7.061 16.98 7.062 7.115 17.015 7.115h307.962ZM219.231-740.769v154.439-154.439 521.538-521.538Z\"\/><\/svg>    \n          <span>\n        Entrevista con el diario El Tiempo de Colombia\n      <\/span>\n    \n  <\/span>\n      \n          <\/div>\n\n          <h2 class=\"transition-all duration-500 font-normal\" animate-text >\n        <a href=https:\/\/www.eltiempo.com\/economia\/empresas\/jacqueline-novogratz-colombia-puede-ser-un-ejemplo-para-la-revolucion-moral-en-las-empresas-416960 target=_blank>Colombia puede ser ejemplo para la revoluci\u00f3n moral en las empresas<\/a>\n      <\/h2>\n    \n          <p class=\"m-0\" animate-text >\n        Jacqueline habl\u00f3 para el peri\u00f3dico El Tiempo sobre liderazgo moral y el trabajo de Acumen en Colombia.\n      <\/p>\n    \n          <div animate >\n        <a class=\"inline-flex flex-row-reverse gap-x-2 items-center justify-center text-left transition-all duration-300 text-md disabled:opacity-50 disabled:pointer-events-none leading-none pb-1 text-left self-start\n            animate-underline hover:border-transparent\" href=\"https:\/\/www.eltiempo.com\/economia\/empresas\/jacqueline-novogratz-colombia-puede-ser-un-ejemplo-para-la-revolucion-moral-en-las-empresas-416960\" target=\"_blank\" aria-hidden=\"true\" tabindex=\"-1\">\n\n      <svg aria-hidden=\"true\" class=\"fill-current w-3.5 h-auto flex-shrink-0 relative z-5\" width=\"16\" height=\"16\" viewBox=\"0 0 16 16\" fill=\"none\" xmlns=\"http:\/\/www.w3.org\/2000\/svg\">\n<path d=\"M12.175 9H1C0.716667 9 0.479167 8.90417 0.2875 8.7125C0.0958333 8.52083 0 8.28333 0 8C0 7.71667 0.0958333 7.47917 0.2875 7.2875C0.479167 7.09583 0.716667 7 1 7H12.175L7.275 2.1C7.075 1.9 6.97917 1.66667 6.9875 1.4C6.99583 1.13333 7.1 0.899999 7.3 0.699999C7.5 0.516666 7.73333 0.420833 8 0.412499C8.26667 0.404166 8.5 0.499999 8.7 0.699999L15.3 7.3C15.4 7.4 15.4708 7.50833 15.5125 7.625C15.5542 7.74167 15.575 7.86667 15.575 8C15.575 8.13333 15.5542 8.25833 15.5125 8.375C15.4708 8.49167 15.4 8.6 15.3 8.7L8.7 15.3C8.51667 15.4833 8.2875 15.575 8.0125 15.575C7.7375 15.575 7.5 15.4833 7.3 15.3C7.1 15.1 7 14.8625 7 14.5875C7 14.3125 7.1 14.075 7.3 13.875L12.175 9Z\" fill=\"currentColor\"\/>\n<\/svg>  \n  <span class=\"relative z-5 \">\n    Leer m\u00e1s  \n  <\/span>\n\n  <\/a>\n      <\/div>\n      <\/div>\n<\/article>\n                                    <article class=\"group\/card flex flex-col gap-7.5\">\n\n      <a\n      href=https:\/\/elpais.com\/elpais\/2020\/01\/02\/planeta_futuro\/1577959796_427638.html target=_blank\n      class=\"block link-no-underline overflow-hidden rounded-card rounded-bl-none\"\n      aria-hidden=\"true\"\n      tabindex=\"-1\"\n    >\n      <img loading=\"lazy\" decoding=\"async\" width=\"1024\" height=\"683\" src=\"https:\/\/acumen.org\/wp-content\/uploads\/2024\/04\/JN-ES-1-1024x683.jpg\" class=\"aspect-[1.8625] w-full h-full object-cover group-hover\/card:scale-105 transition-transform duration-500\" alt=\"\" sizes=\"auto, (min-width: 1536px) calc((100vw - (3.75rem * 2)) * 1\/2),\n      (min-width: 1280px) calc((100vw - (3.75rem * 2)) * 1\/2),\n      (min-width: 1024px) calc((100vw - (3.75rem * 2)) * 1\/2),\n      (min-width: 768px) calc((100vw - (1.25rem * 2)) * 1\/2),\n      (min-width: 640px) calc((100vw - (1.25rem * 2)),\n      calc(100vw - (1.25rem * 2))\" style=\"object-position: 50% 50%;\" srcset=\"https:\/\/acumen.org\/wp-content\/uploads\/2024\/04\/JN-ES-1-1024x683.jpg 1024w, https:\/\/acumen.org\/wp-content\/uploads\/2024\/04\/JN-ES-1-300x200.jpg 300w, https:\/\/acumen.org\/wp-content\/uploads\/2024\/04\/JN-ES-1-768x512.jpg 768w, https:\/\/acumen.org\/wp-content\/uploads\/2024\/04\/JN-ES-1-1536x1024.jpg 1536w, https:\/\/acumen.org\/wp-content\/uploads\/2024\/04\/JN-ES-1.jpg 1800w\" \/>\n    <\/a>\n  \n  <div class=\"flex flex-col gap-5 items-start\" >\n\n    <div class=\"inline-flex gap-5\" animate >\n              <span\n    class=\"inline-flex gap-1.5 items-center justify-center w-fit text-md\">\n\n          <svg aria-hidden=\"true\" class=\"fill-current\" xmlns=\"http:\/\/www.w3.org\/2000\/svg\" height=\"20\" viewBox=\"0 -960 960 960\" width=\"20\" fill=\"currentColor\"><path d=\"M231.448-171.271q-25.046 0-42.612-17.565-17.565-17.566-17.565-42.612v-497.104q0-25.046 17.565-42.612 17.566-17.565 42.612-17.565H587q11.963 0 23.045 4.354 11.082 4.355 20.281 13.665L770.71-630.326q9.31 9.199 13.665 20.281 4.354 11.082 4.354 23.045v355.552q0 25.046-17.565 42.612-17.566 17.565-42.612 17.565H231.448Zm.091-47.96h496.922q5.385 0 8.846-3.462 3.462-3.461 3.462-8.846v-342.846H604.615q-12.646 0-21.438-8.792-8.792-8.792-8.792-21.438v-136.154H231.539q-5.385 0-8.846 3.462-3.462 3.461-3.462 8.846v496.922q0 5.385 3.462 8.846 3.461 3.462 8.846 3.462Zm402.538-94.424q9.732 0 16.808-7.001 7.076-7.001 7.076-16.769 0-9.768-7.076-16.979-7.076-7.211-16.808-7.211H326.115q-9.953 0-17.015 7.015-7.061 7.015-7.061 16.658 0 9.864 7.061 17.075 7.062 7.212 17.015 7.212h307.962Zm-178.232-272.73q9.703 0 16.929-7Q480-600.386 480-610.154q0-9.768-7.056-16.979-7.057-7.212-16.76-7.212H338.387q-9.925 0-17.137 7.015-7.211 7.016-7.211 16.659 0 9.864 7.042 17.075 7.042 7.211 16.967 7.211h117.797Zm178.232 154.269q9.732 0 16.808-6.905 7.076-6.904 7.076-16.768 0-9.865-7.076-17.076t-16.808-7.211H326.115q-9.953 0-17.015 7.001-7.061 7-7.061 16.864 0 9.865 7.061 16.98 7.062 7.115 17.015 7.115h307.962ZM219.231-740.769v154.439-154.439 521.538-521.538Z\"\/><\/svg>    \n          <span>\n        Entrevista con el diario El Pa\u00eds de Espa\u00f1a\n      <\/span>\n    \n  <\/span>\n      \n          <\/div>\n\n          <h2 class=\"transition-all duration-500 font-normal\" animate-text >\n        <a href=https:\/\/elpais.com\/elpais\/2020\/01\/02\/planeta_futuro\/1577959796_427638.html target=_blank>Una revoluci\u00f3n moral para cambiar el mundo<\/a>\n      <\/h2>\n    \n          <p class=\"m-0\" animate-text >\n        Jacqueline Novogratz dej\u00f3 su carrera en Wall Street para buscar nuevas formas de afrontar la pobreza. Seg\u00fan Forbes es una de las mentes m\u00e1s brillantes del mundo de los negocios.\n      <\/p>\n    \n          <div animate >\n        <a class=\"inline-flex flex-row-reverse gap-x-2 items-center justify-center text-left transition-all duration-300 text-md disabled:opacity-50 disabled:pointer-events-none leading-none pb-1 text-left self-start\n            animate-underline hover:border-transparent\" href=\"https:\/\/elpais.com\/elpais\/2020\/01\/02\/planeta_futuro\/1577959796_427638.html\" target=\"_blank\" aria-hidden=\"true\" tabindex=\"-1\">\n\n      <svg aria-hidden=\"true\" class=\"fill-current w-3.5 h-auto flex-shrink-0 relative z-5\" width=\"16\" height=\"16\" viewBox=\"0 0 16 16\" fill=\"none\" xmlns=\"http:\/\/www.w3.org\/2000\/svg\">\n<path d=\"M12.175 9H1C0.716667 9 0.479167 8.90417 0.2875 8.7125C0.0958333 8.52083 0 8.28333 0 8C0 7.71667 0.0958333 7.47917 0.2875 7.2875C0.479167 7.09583 0.716667 7 1 7H12.175L7.275 2.1C7.075 1.9 6.97917 1.66667 6.9875 1.4C6.99583 1.13333 7.1 0.899999 7.3 0.699999C7.5 0.516666 7.73333 0.420833 8 0.412499C8.26667 0.404166 8.5 0.499999 8.7 0.699999L15.3 7.3C15.4 7.4 15.4708 7.50833 15.5125 7.625C15.5542 7.74167 15.575 7.86667 15.575 8C15.575 8.13333 15.5542 8.25833 15.5125 8.375C15.4708 8.49167 15.4 8.6 15.3 8.7L8.7 15.3C8.51667 15.4833 8.2875 15.575 8.0125 15.575C7.7375 15.575 7.5 15.4833 7.3 15.3C7.1 15.1 7 14.8625 7 14.5875C7 14.3125 7.1 14.075 7.3 13.875L12.175 9Z\" fill=\"currentColor\"\/>\n<\/svg>  \n  <span class=\"relative z-5 \">\n    Leer m\u00e1s\n  <\/span>\n\n  <\/a>\n      <\/div>\n      <\/div>\n<\/article>\n                            <\/div>\n        <\/section>\n    ","protected":false},"excerpt":{"rendered":"<p>Jacqueline Novogratz es la fundadora y CEO de Acumen, una organizaci\u00f3n global que lucha contra la pobreza y construye dignidad a trav\u00e9s de la inversi\u00f3n de capital paciente en empresas y l\u00edderes; compartiendo conocimiento basado en el impacto logrado; y creando alianzas para escalar soluciones que funcionan. Desde su fundaci\u00f3n en 2001, Acumen ha beneficiado &hellip; <a href=\"https:\/\/acumen.org\/es\/jacqueline-novogratz\/\">Continuado<\/a><\/p>\n","protected":false},"author":18,"featured_media":8567,"parent":0,"menu_order":0,"comment_status":"closed","ping_status":"closed","template":"","meta":{"_acf_changed":false,"content-type":"","_relevanssi_hide_post":"","_relevanssi_hide_content":"","_relevanssi_pin_for_all":"","_relevanssi_pin_keywords":"","_relevanssi_unpin_keywords":"","_relevanssi_related_keywords":"","_relevanssi_related_include_ids":"","_relevanssi_related_exclude_ids":"","_relevanssi_related_no_append":"","_relevanssi_related_not_related":"","_relevanssi_related_posts":"708,570,685,622,658,730","_relevanssi_noindex_reason":"","footnotes":""},"class_list":["post-9620","page","type-page","status-publish","has-post-thumbnail","hentry"],"acf":[],"yoast_head":"<!-- This site is optimized with the Yoast SEO Premium plugin v27.4 (Yoast SEO v27.4) - https:\/\/yoast.com\/product\/yoast-seo-premium-wordpress\/ -->\n<title>Jacqueline Novogratz<\/title>\n<meta name=\"description\" content=\"Jacqueline Novogratz, fundadora y directora ejecutiva de Acumen, un l\u00edder de impacto social que transforma vidas a nivel mundial a trav\u00e9s de Patient Capital y el liderazgo moral.\" \/>\n<meta name=\"robots\" content=\"index, follow, max-snippet:-1, max-image-preview:large, max-video-preview:-1\" \/>\n<link rel=\"canonical\" href=\"https:\/\/acumen.org\/es\/jacqueline-novogratz\/\" \/>\n<meta property=\"og:locale\" content=\"es_ES\" \/>\n<meta property=\"og:type\" content=\"article\" \/>\n<meta property=\"og:title\" content=\"Jacqueline Novogratz\" \/>\n<meta property=\"og:description\" content=\"Jacqueline Novogratz, fundadora y directora ejecutiva de Acumen, un l\u00edder de impacto social que transforma vidas a nivel mundial a trav\u00e9s de Patient Capital y el liderazgo moral.\" \/>\n<meta property=\"og:url\" content=\"https:\/\/acumen.org\/es\/jacqueline-novogratz\/\" \/>\n<meta property=\"og:site_name\" content=\"Acumen\" \/>\n<meta property=\"article:publisher\" content=\"https:\/\/www.facebook.com\/acumenfund\/\" \/>\n<meta property=\"article:modified_time\" content=\"2026-02-25T19:48:33+00:00\" \/>\n<meta property=\"og:image\" content=\"https:\/\/acumen.org\/app\/uploads\/2024\/04\/JN-7.jpg\" \/>\n\t<meta property=\"og:image:width\" content=\"1200\" \/>\n\t<meta property=\"og:image:height\" content=\"1200\" \/>\n\t<meta property=\"og:image:type\" content=\"image\/jpeg\" \/>\n<meta name=\"twitter:card\" content=\"summary_large_image\" \/>\n<meta name=\"twitter:site\" content=\"@Acumen\" \/>\n<meta name=\"twitter:label1\" content=\"Tiempo de lectura\" \/>\n\t<meta name=\"twitter:data1\" content=\"2 minutes\" \/>\n<script type=\"application\/ld+json\" class=\"yoast-schema-graph\">{\"@context\":\"https:\\\/\\\/schema.org\",\"@graph\":[{\"@type\":\"WebPage\",\"@id\":\"https:\\\/\\\/acumen.org\\\/es\\\/jacqueline-novogratz\\\/\",\"url\":\"https:\\\/\\\/acumen.org\\\/es\\\/jacqueline-novogratz\\\/\",\"name\":\"Jacqueline Novogratz\",\"isPartOf\":{\"@id\":\"https:\\\/\\\/acumen.org\\\/es\\\/#website\"},\"primaryImageOfPage\":{\"@id\":\"https:\\\/\\\/acumen.org\\\/es\\\/jacqueline-novogratz\\\/#primaryimage\"},\"image\":{\"@id\":\"https:\\\/\\\/acumen.org\\\/es\\\/jacqueline-novogratz\\\/#primaryimage\"},\"thumbnailUrl\":\"https:\\\/\\\/acumen.org\\\/wp-content\\\/uploads\\\/2024\\\/04\\\/JN-7.jpg\",\"datePublished\":\"2023-12-08T23:59:57+00:00\",\"dateModified\":\"2026-02-25T19:48:33+00:00\",\"description\":\"Jacqueline Novogratz, fundadora y directora ejecutiva de Acumen, un l\u00edder de impacto social que transforma vidas a nivel mundial a trav\u00e9s de Patient Capital y el liderazgo moral.\",\"breadcrumb\":{\"@id\":\"https:\\\/\\\/acumen.org\\\/es\\\/jacqueline-novogratz\\\/#breadcrumb\"},\"inLanguage\":\"es-ES\",\"potentialAction\":[{\"@type\":\"ReadAction\",\"target\":[\"https:\\\/\\\/acumen.org\\\/es\\\/jacqueline-novogratz\\\/\"]}]},{\"@type\":\"ImageObject\",\"inLanguage\":\"es-ES\",\"@id\":\"https:\\\/\\\/acumen.org\\\/es\\\/jacqueline-novogratz\\\/#primaryimage\",\"url\":\"https:\\\/\\\/acumen.org\\\/wp-content\\\/uploads\\\/2024\\\/04\\\/JN-7.jpg\",\"contentUrl\":\"https:\\\/\\\/acumen.org\\\/wp-content\\\/uploads\\\/2024\\\/04\\\/JN-7.jpg\",\"width\":1200,\"height\":1200,\"caption\":\"Jacqueline Novogratz smiling while looking away from the camera, wearing a dark patterned top.\"},{\"@type\":\"BreadcrumbList\",\"@id\":\"https:\\\/\\\/acumen.org\\\/es\\\/jacqueline-novogratz\\\/#breadcrumb\",\"itemListElement\":[{\"@type\":\"ListItem\",\"position\":1,\"name\":\"Home\",\"item\":\"https:\\\/\\\/acumen.org\\\/es\\\/\"},{\"@type\":\"ListItem\",\"position\":2,\"name\":\"Jacqueline Novogratz\"}]},{\"@type\":\"WebSite\",\"@id\":\"https:\\\/\\\/acumen.org\\\/es\\\/#website\",\"url\":\"https:\\\/\\\/acumen.org\\\/es\\\/\",\"name\":\"Acumen\",\"description\":\"\",\"publisher\":{\"@id\":\"https:\\\/\\\/acumen.org\\\/es\\\/#organization\"},\"potentialAction\":[{\"@type\":\"SearchAction\",\"target\":{\"@type\":\"EntryPoint\",\"urlTemplate\":\"https:\\\/\\\/acumen.org\\\/es\\\/?s={search_term_string}\"},\"query-input\":{\"@type\":\"PropertyValueSpecification\",\"valueRequired\":true,\"valueName\":\"search_term_string\"}}],\"inLanguage\":\"es-ES\"},{\"@type\":\"Organization\",\"@id\":\"https:\\\/\\\/acumen.org\\\/es\\\/#organization\",\"name\":\"Acumen\",\"url\":\"https:\\\/\\\/acumen.org\\\/es\\\/\",\"logo\":{\"@type\":\"ImageObject\",\"inLanguage\":\"es-ES\",\"@id\":\"https:\\\/\\\/acumen.org\\\/es\\\/#\\\/schema\\\/logo\\\/image\\\/\",\"url\":\"https:\\\/\\\/acumen.org\\\/app\\\/uploads\\\/2021\\\/03\\\/Acumen.png\",\"contentUrl\":\"https:\\\/\\\/acumen.org\\\/app\\\/uploads\\\/2021\\\/03\\\/Acumen.png\",\"width\":3334,\"height\":2480,\"caption\":\"Acumen\"},\"image\":{\"@id\":\"https:\\\/\\\/acumen.org\\\/es\\\/#\\\/schema\\\/logo\\\/image\\\/\"},\"sameAs\":[\"https:\\\/\\\/www.facebook.com\\\/acumenfund\\\/\",\"https:\\\/\\\/x.com\\\/Acumen\",\"https:\\\/\\\/www.instagram.com\\\/acumenorg\\\/\",\"https:\\\/\\\/www.linkedin.com\\\/company\\\/acumen-fund\\\/\",\"https:\\\/\\\/www.youtube.com\\\/channel\\\/UCpuoLfl6gZl2jDa8lAlC8YQ\"],\"description\":\"We invest across the capital continuum to help transformational companies grow from seed to scale. acumen invests patient capital in business models that deliver critical, affordable goods and services to the world's poor, improving the lives of millions. Since 2001, Acumen has invested in businesses that provide access to healthcare, energy, education, water & sanitation, housing, financial services, and agricultural services to low-income customers. Our investments are addressing the problems of poverty in East and West Africa, South Asia, Latin America, and the United States.\",\"telephone\":\"1-212-566-8821\",\"legalName\":\"Acumen Fund, Inc.\",\"taxID\":\"13-4166228\",\"ownershipFundingInfo\":\"https:\\\/\\\/acumen.org\\\/financials\\\/\",\"ethicsPolicy\":\"https:\\\/\\\/acumen.org\\\/anti-corruption-policy\\\/\"}]}<\/script>\n<!-- \/ Yoast SEO Premium plugin. -->","yoast_head_json":{"title":"Jacqueline Novogratz","description":"Jacqueline Novogratz, fundadora y directora ejecutiva de Acumen, un l\u00edder de impacto social que transforma vidas a nivel mundial a trav\u00e9s de Patient Capital y el liderazgo moral.","robots":{"index":"index","follow":"follow","max-snippet":"max-snippet:-1","max-image-preview":"max-image-preview:large","max-video-preview":"max-video-preview:-1"},"canonical":"https:\/\/acumen.org\/es\/jacqueline-novogratz\/","og_locale":"es_ES","og_type":"article","og_title":"Jacqueline Novogratz","og_description":"Jacqueline Novogratz, fundadora y directora ejecutiva de Acumen, un l\u00edder de impacto social que transforma vidas a nivel mundial a trav\u00e9s de Patient Capital y el liderazgo moral.","og_url":"https:\/\/acumen.org\/es\/jacqueline-novogratz\/","og_site_name":"Acumen","article_publisher":"https:\/\/www.facebook.com\/acumenfund\/","article_modified_time":"2026-02-25T19:48:33+00:00","og_image":[{"width":1200,"height":1200,"url":"https:\/\/acumen.org\/app\/uploads\/2024\/04\/JN-7.jpg","type":"image\/jpeg"}],"twitter_card":"summary_large_image","twitter_site":"@Acumen","twitter_misc":{"Tiempo de lectura":"2 minutes"},"schema":{"@context":"https:\/\/schema.org","@graph":[{"@type":"WebPage","@id":"https:\/\/acumen.org\/es\/jacqueline-novogratz\/","url":"https:\/\/acumen.org\/es\/jacqueline-novogratz\/","name":"Jacqueline Novogratz","isPartOf":{"@id":"https:\/\/acumen.org\/es\/#website"},"primaryImageOfPage":{"@id":"https:\/\/acumen.org\/es\/jacqueline-novogratz\/#primaryimage"},"image":{"@id":"https:\/\/acumen.org\/es\/jacqueline-novogratz\/#primaryimage"},"thumbnailUrl":"https:\/\/acumen.org\/wp-content\/uploads\/2024\/04\/JN-7.jpg","datePublished":"2023-12-08T23:59:57+00:00","dateModified":"2026-02-25T19:48:33+00:00","description":"Jacqueline Novogratz, fundadora y directora ejecutiva de Acumen, un l\u00edder de impacto social que transforma vidas a nivel mundial a trav\u00e9s de Patient Capital y el liderazgo moral.","breadcrumb":{"@id":"https:\/\/acumen.org\/es\/jacqueline-novogratz\/#breadcrumb"},"inLanguage":"es-ES","potentialAction":[{"@type":"ReadAction","target":["https:\/\/acumen.org\/es\/jacqueline-novogratz\/"]}]},{"@type":"ImageObject","inLanguage":"es-ES","@id":"https:\/\/acumen.org\/es\/jacqueline-novogratz\/#primaryimage","url":"https:\/\/acumen.org\/wp-content\/uploads\/2024\/04\/JN-7.jpg","contentUrl":"https:\/\/acumen.org\/wp-content\/uploads\/2024\/04\/JN-7.jpg","width":1200,"height":1200,"caption":"Jacqueline Novogratz smiling while looking away from the camera, wearing a dark patterned top."},{"@type":"BreadcrumbList","@id":"https:\/\/acumen.org\/es\/jacqueline-novogratz\/#breadcrumb","itemListElement":[{"@type":"ListItem","position":1,"name":"Home","item":"https:\/\/acumen.org\/es\/"},{"@type":"ListItem","position":2,"name":"Jacqueline Novogratz"}]},{"@type":"WebSite","@id":"https:\/\/acumen.org\/es\/#website","url":"https:\/\/acumen.org\/es\/","name":"Acumen","description":"","publisher":{"@id":"https:\/\/acumen.org\/es\/#organization"},"potentialAction":[{"@type":"SearchAction","target":{"@type":"EntryPoint","urlTemplate":"https:\/\/acumen.org\/es\/?s={search_term_string}"},"query-input":{"@type":"PropertyValueSpecification","valueRequired":true,"valueName":"search_term_string"}}],"inLanguage":"es-ES"},{"@type":"Organization","@id":"https:\/\/acumen.org\/es\/#organization","name":"Acumen","url":"https:\/\/acumen.org\/es\/","logo":{"@type":"ImageObject","inLanguage":"es-ES","@id":"https:\/\/acumen.org\/es\/#\/schema\/logo\/image\/","url":"https:\/\/acumen.org\/app\/uploads\/2021\/03\/Acumen.png","contentUrl":"https:\/\/acumen.org\/app\/uploads\/2021\/03\/Acumen.png","width":3334,"height":2480,"caption":"Acumen"},"image":{"@id":"https:\/\/acumen.org\/es\/#\/schema\/logo\/image\/"},"sameAs":["https:\/\/www.facebook.com\/acumenfund\/","https:\/\/x.com\/Acumen","https:\/\/www.instagram.com\/acumenorg\/","https:\/\/www.linkedin.com\/company\/acumen-fund\/","https:\/\/www.youtube.com\/channel\/UCpuoLfl6gZl2jDa8lAlC8YQ"],"description":"We invest across the capital continuum to help transformational companies grow from seed to scale. acumen invests patient capital in business models that deliver critical, affordable goods and services to the world's poor, improving the lives of millions. Since 2001, Acumen has invested in businesses that provide access to healthcare, energy, education, water & sanitation, housing, financial services, and agricultural services to low-income customers. Our investments are addressing the problems of poverty in East and West Africa, South Asia, Latin America, and the United States.","telephone":"1-212-566-8821","legalName":"Acumen Fund, Inc.","taxID":"13-4166228","ownershipFundingInfo":"https:\/\/acumen.org\/financials\/","ethicsPolicy":"https:\/\/acumen.org\/anti-corruption-policy\/"}]}},"_links":{"self":[{"href":"https:\/\/acumen.org\/es\/wp-json\/wp\/v2\/pages\/9620","targetHints":{"allow":["GET"]}}],"collection":[{"href":"https:\/\/acumen.org\/es\/wp-json\/wp\/v2\/pages"}],"about":[{"href":"https:\/\/acumen.org\/es\/wp-json\/wp\/v2\/types\/page"}],"author":[{"embeddable":true,"href":"https:\/\/acumen.org\/es\/wp-json\/wp\/v2\/users\/18"}],"replies":[{"embeddable":true,"href":"https:\/\/acumen.org\/es\/wp-json\/wp\/v2\/comments?post=9620"}],"version-history":[{"count":0,"href":"https:\/\/acumen.org\/es\/wp-json\/wp\/v2\/pages\/9620\/revisions"}],"wp:featuredmedia":[{"embeddable":true,"href":"https:\/\/acumen.org\/es\/wp-json\/wp\/v2\/media\/8567"}],"wp:attachment":[{"href":"https:\/\/acumen.org\/es\/wp-json\/wp\/v2\/media?parent=9620"}],"curies":[{"name":"wp","href":"https:\/\/api.w.org\/{rel}","templated":true}]}}